{"id":217,"date":"2024-01-18T23:39:53","date_gmt":"2024-01-19T02:39:53","guid":{"rendered":"http:\/\/fbaf.org.br\/?page_id=217"},"modified":"2026-01-08T09:59:44","modified_gmt":"2026-01-08T12:59:44","slug":"recordes","status":"publish","type":"page","link":"https:\/\/fbaf.org.br\/index.php\/recordes\/","title":{"rendered":"Recordes"},"content":{"rendered":"\t\t<div data-elementor-type=\"wp-page\" data-elementor-id=\"217\" class=\"elementor elementor-217\">\n\t\t\t\t<div class=\"elementor-element elementor-element-4c7a082 e-flex e-con-boxed e-con e-parent\" data-id=\"4c7a082\" data-element_type=\"container\">\n\t\t\t\t\t<div class=\"e-con-inner\">\n\t\t\t\t<div class=\"elementor-element elementor-element-f0438aa elementor-align-right elementor-widget elementor-widget-button\" data-id=\"f0438aa\" data-element_type=\"widget\" data-widget_type=\"button.default\">\n\t\t\t\t<div class=\"elementor-widget-container\">\n\t\t\t\t\t\t\t\t\t<div class=\"elementor-button-wrapper\">\n\t\t\t\t\t<a class=\"elementor-button elementor-button-link elementor-size-sm\" href=\"https:\/\/drive.google.com\/drive\/folders\/1v0UTtmK80cXu6eQkQ8MSwowRrty_eQdN?usp=sharing\" target=\"_blank\">\n\t\t\t\t\t\t<span class=\"elementor-button-content-wrapper\">\n\t\t\t\t\t\t\t\t\t<span class=\"elementor-button-text\">Recordes Hist\u00f3ricos<\/span>\n\t\t\t\t\t<\/span>\n\t\t\t\t\t<\/a>\n\t\t\t\t<\/div>\n\t\t\t\t\t\t\t\t<\/div>\n\t\t\t\t<\/div>\n\t\t\t\t<div class=\"elementor-element elementor-element-fbe1760 elementor-widget elementor-widget-heading\" data-id=\"fbe1760\" data-element_type=\"widget\" data-widget_type=\"heading.default\">\n\t\t\t\t<div class=\"elementor-widget-container\">\n\t\t\t\t\t<h1 class=\"elementor-heading-title elementor-size-default\">Recordes Baianos<\/h1>\t\t\t\t<\/div>\n\t\t\t\t<\/div>\n\t\t\t\t<div class=\"elementor-element elementor-element-bab41fd e-n-tabs-mobile elementor-widget elementor-widget-n-tabs\" data-id=\"bab41fd\" data-element_type=\"widget\" data-settings=\"{&quot;horizontal_scroll&quot;:&quot;disable&quot;}\" data-widget_type=\"nested-tabs.default\">\n\t\t\t\t<div class=\"elementor-widget-container\">\n\t\t\t\t\t\t\t<div class=\"e-n-tabs\" data-widget-number=\"195772925\" aria-label=\"Abas. Abra itens com &quot;Enter&quot; ou &quot;Espa\u00e7o&quot;, feche com &quot;Escape&quot; e navegue usando as teclas de &quot;Seta&quot;.\">\n\t\t\t<div class=\"e-n-tabs-heading\" role=\"tablist\">\n\t\t\t\t\t<button id=\"e-n-tab-title-1957729251\" data-tab-title-id=\"e-n-tab-title-1957729251\" class=\"e-n-tab-title\" aria-selected=\"true\" data-tab-index=\"1\" role=\"tab\" tabindex=\"0\" aria-controls=\"e-n-tab-content-1957729251\" style=\"--n-tabs-title-order: 1;\">\n\t\t\t\t\t<span class=\"e-n-tab-icon\">\n\t\t\t<svg aria-hidden=\"true\" class=\"e-font-icon-svg e-fas-house-user\" viewBox=\"0 0 576 512\" xmlns=\"http:\/\/www.w3.org\/2000\/svg\"><path d=\"M570.69,236.27,512,184.44V48a16,16,0,0,0-16-16H432a16,16,0,0,0-16,16V99.67L314.78,10.3C308.5,4.61,296.53,0,288,0s-20.46,4.61-26.74,10.3l-256,226A18.27,18.27,0,0,0,0,248.2a18.64,18.64,0,0,0,4.09,10.71L25.5,282.7a21.14,21.14,0,0,0,12,5.3,21.67,21.67,0,0,0,10.69-4.11l15.9-14V480a32,32,0,0,0,32,32H480a32,32,0,0,0,32-32V269.88l15.91,14A21.94,21.94,0,0,0,538.63,288a20.89,20.89,0,0,0,11.87-5.31l21.41-23.81A21.64,21.64,0,0,0,576,248.19,21,21,0,0,0,570.69,236.27ZM288,176a64,64,0,1,1-64,64A64,64,0,0,1,288,176ZM400,448H176a16,16,0,0,1-16-16,96,96,0,0,1,96-96h64a96,96,0,0,1,96,96A16,16,0,0,1,400,448Z\"><\/path><\/svg>\t\t\t<svg aria-hidden=\"true\" class=\"e-font-icon-svg e-fas-house-user\" viewBox=\"0 0 576 512\" xmlns=\"http:\/\/www.w3.org\/2000\/svg\"><path d=\"M570.69,236.27,512,184.44V48a16,16,0,0,0-16-16H432a16,16,0,0,0-16,16V99.67L314.78,10.3C308.5,4.61,296.53,0,288,0s-20.46,4.61-26.74,10.3l-256,226A18.27,18.27,0,0,0,0,248.2a18.64,18.64,0,0,0,4.09,10.71L25.5,282.7a21.14,21.14,0,0,0,12,5.3,21.67,21.67,0,0,0,10.69-4.11l15.9-14V480a32,32,0,0,0,32,32H480a32,32,0,0,0,32-32V269.88l15.91,14A21.94,21.94,0,0,0,538.63,288a20.89,20.89,0,0,0,11.87-5.31l21.41-23.81A21.64,21.64,0,0,0,576,248.19,21,21,0,0,0,570.69,236.27ZM288,176a64,64,0,1,1-64,64A64,64,0,0,1,288,176ZM400,448H176a16,16,0,0,1-16-16,96,96,0,0,1,96-96h64a96,96,0,0,1,96,96A16,16,0,0,1,400,448Z\"><\/path><\/svg>\t\t<\/span>\n\t\t\t\t\t<span class=\"e-n-tab-title-text\">\n\t\t\t\tINDOOR\t\t\t<\/span>\n\t\t<\/button>\n\t\t\t\t<button id=\"e-n-tab-title-1957729252\" data-tab-title-id=\"e-n-tab-title-1957729252\" class=\"e-n-tab-title\" aria-selected=\"false\" data-tab-index=\"2\" role=\"tab\" tabindex=\"-1\" aria-controls=\"e-n-tab-content-1957729252\" style=\"--n-tabs-title-order: 2;\">\n\t\t\t\t\t<span class=\"e-n-tab-icon\">\n\t\t\t<svg aria-hidden=\"true\" class=\"e-font-icon-svg e-fas-sun\" viewBox=\"0 0 512 512\" xmlns=\"http:\/\/www.w3.org\/2000\/svg\"><path d=\"M256 160c-52.9 0-96 43.1-96 96s43.1 96 96 96 96-43.1 96-96-43.1-96-96-96zm246.4 80.5l-94.7-47.3 33.5-100.4c4.5-13.6-8.4-26.5-21.9-21.9l-100.4 33.5-47.4-94.8c-6.4-12.8-24.6-12.8-31 0l-47.3 94.7L92.7 70.8c-13.6-4.5-26.5 8.4-21.9 21.9l33.5 100.4-94.7 47.4c-12.8 6.4-12.8 24.6 0 31l94.7 47.3-33.5 100.5c-4.5 13.6 8.4 26.5 21.9 21.9l100.4-33.5 47.3 94.7c6.4 12.8 24.6 12.8 31 0l47.3-94.7 100.4 33.5c13.6 4.5 26.5-8.4 21.9-21.9l-33.5-100.4 94.7-47.3c13-6.5 13-24.7.2-31.1zm-155.9 106c-49.9 49.9-131.1 49.9-181 0-49.9-49.9-49.9-131.1 0-181 49.9-49.9 131.1-49.9 181 0 49.9 49.9 49.9 131.1 0 181z\"><\/path><\/svg>\t\t\t<svg aria-hidden=\"true\" class=\"e-font-icon-svg e-fas-sun\" viewBox=\"0 0 512 512\" xmlns=\"http:\/\/www.w3.org\/2000\/svg\"><path d=\"M256 160c-52.9 0-96 43.1-96 96s43.1 96 96 96 96-43.1 96-96-43.1-96-96-96zm246.4 80.5l-94.7-47.3 33.5-100.4c4.5-13.6-8.4-26.5-21.9-21.9l-100.4 33.5-47.4-94.8c-6.4-12.8-24.6-12.8-31 0l-47.3 94.7L92.7 70.8c-13.6-4.5-26.5 8.4-21.9 21.9l33.5 100.4-94.7 47.4c-12.8 6.4-12.8 24.6 0 31l94.7 47.3-33.5 100.5c-4.5 13.6 8.4 26.5 21.9 21.9l100.4-33.5 47.3 94.7c6.4 12.8 24.6 12.8 31 0l47.3-94.7 100.4 33.5c13.6 4.5 26.5-8.4 21.9-21.9l-33.5-100.4 94.7-47.3c13-6.5 13-24.7.2-31.1zm-155.9 106c-49.9 49.9-131.1 49.9-181 0-49.9-49.9-49.9-131.1 0-181 49.9-49.9 131.1-49.9 181 0 49.9 49.9 49.9 131.1 0 181z\"><\/path><\/svg>\t\t<\/span>\n\t\t\t\t\t<span class=\"e-n-tab-title-text\">\n\t\t\t\tOUTDOOR\t\t\t<\/span>\n\t\t<\/button>\n\t\t\t\t<button id=\"e-n-tab-title-1957729253\" data-tab-title-id=\"e-n-tab-title-1957729253\" class=\"e-n-tab-title\" aria-selected=\"false\" data-tab-index=\"3\" role=\"tab\" tabindex=\"-1\" aria-controls=\"e-n-tab-content-1957729253\" style=\"--n-tabs-title-order: 3;\">\n\t\t\t\t\t<span class=\"e-n-tab-icon\">\n\t\t\t<svg aria-hidden=\"true\" class=\"e-font-icon-svg e-fas-tree\" viewBox=\"0 0 384 512\" xmlns=\"http:\/\/www.w3.org\/2000\/svg\"><path d=\"M378.31 378.49L298.42 288h30.63c9.01 0 16.98-5 20.78-13.06 3.8-8.04 2.55-17.26-3.28-24.05L268.42 160h28.89c9.1 0 17.3-5.35 20.86-13.61 3.52-8.13 1.86-17.59-4.24-24.08L203.66 4.83c-6.03-6.45-17.28-6.45-23.32 0L70.06 122.31c-6.1 6.49-7.75 15.95-4.24 24.08C69.38 154.65 77.59 160 86.69 160h28.89l-78.14 90.91c-5.81 6.78-7.06 15.99-3.27 24.04C37.97 283 45.93 288 54.95 288h30.63L5.69 378.49c-6 6.79-7.36 16.09-3.56 24.26 3.75 8.05 12 13.25 21.01 13.25H160v24.45l-30.29 48.4c-5.32 10.64 2.42 23.16 14.31 23.16h95.96c11.89 0 19.63-12.52 14.31-23.16L224 440.45V416h136.86c9.01 0 17.26-5.2 21.01-13.25 3.8-8.17 2.44-17.47-3.56-24.26z\"><\/path><\/svg>\t\t\t<svg aria-hidden=\"true\" class=\"e-font-icon-svg e-fas-tree\" viewBox=\"0 0 384 512\" xmlns=\"http:\/\/www.w3.org\/2000\/svg\"><path d=\"M378.31 378.49L298.42 288h30.63c9.01 0 16.98-5 20.78-13.06 3.8-8.04 2.55-17.26-3.28-24.05L268.42 160h28.89c9.1 0 17.3-5.35 20.86-13.61 3.52-8.13 1.86-17.59-4.24-24.08L203.66 4.83c-6.03-6.45-17.28-6.45-23.32 0L70.06 122.31c-6.1 6.49-7.75 15.95-4.24 24.08C69.38 154.65 77.59 160 86.69 160h28.89l-78.14 90.91c-5.81 6.78-7.06 15.99-3.27 24.04C37.97 283 45.93 288 54.95 288h30.63L5.69 378.49c-6 6.79-7.36 16.09-3.56 24.26 3.75 8.05 12 13.25 21.01 13.25H160v24.45l-30.29 48.4c-5.32 10.64 2.42 23.16 14.31 23.16h95.96c11.89 0 19.63-12.52 14.31-23.16L224 440.45V416h136.86c9.01 0 17.26-5.2 21.01-13.25 3.8-8.17 2.44-17.47-3.56-24.26z\"><\/path><\/svg>\t\t<\/span>\n\t\t\t\t\t<span class=\"e-n-tab-title-text\">\n\t\t\t\tFIELD\t\t\t<\/span>\n\t\t<\/button>\n\t\t\t\t\t<\/div>\n\t\t\t<div class=\"e-n-tabs-content\">\n\t\t\t\t<div id=\"e-n-tab-content-1957729251\" role=\"tabpanel\" aria-labelledby=\"e-n-tab-title-1957729251\" data-tab-index=\"1\" style=\"--n-tabs-title-order: 1;\" class=\"e-active elementor-element elementor-element-bf11ceb e-con-full e-flex e-con e-child\" data-id=\"bf11ceb\" data-element_type=\"container\">\n\t\t<div class=\"elementor-element elementor-element-66eaf3c e-con-full e-flex e-con e-child\" data-id=\"66eaf3c\" data-element_type=\"container\">\n\t\t\t\t<div class=\"elementor-element elementor-element-1a562d4 elementor-widget elementor-widget-heading\" data-id=\"1a562d4\" data-element_type=\"widget\" data-widget_type=\"heading.default\">\n\t\t\t\t<div class=\"elementor-widget-container\">\n\t\t\t\t\t<h2 class=\"elementor-heading-title elementor-size-default\">Indoor<\/h2>\t\t\t\t<\/div>\n\t\t\t\t<\/div>\n\t\t\t\t<div class=\"elementor-element elementor-element-743c122 elementor-widget elementor-widget-shortcode\" data-id=\"743c122\" data-element_type=\"widget\" data-widget_type=\"shortcode.default\">\n\t\t\t\t<div class=\"elementor-widget-container\">\n\t\t\t\t\t\t\t<div class=\"elementor-shortcode\"><div class='lista-usuarios'><table><thead><tr><th>Atleta<\/th><th>Detalhes<\/th><\/tr><\/thead><tbody><tr><td style='text-align: center;'><img src='https:\/\/sistema.fbaf.org.br\/fotos\/371216\/Adriele371216.webp?v=1777640394' class='imagem-usuario' style='width: 300px; height: 300px; object-fit: scale-down; display: block; margin: 0 auto;' alt='Imagem do Usu\u00e1rio'><\/td><td><strong>Nome:<\/strong> Adriele Silva Mota <br><strong>Clube:<\/strong> ALEM<br><strong>Categoria:<\/strong> BFO<br><strong>Dist\u00e2ncia:<\/strong> 18 metros<br><strong>Pontua\u00e7\u00e3o:<\/strong> 319 pontos<br><strong>Data do Recorde:<\/strong> 26-04-2026<br><strong>Modalidade:<\/strong> Barebow<\/td><\/tr><tr><td style='text-align: center;'><img src='https:\/\/sistema.fbaf.org.br\/fotos\/1171\/Anderson1171.jpg?v=1777640394' class='imagem-usuario' style='width: 300px; height: 300px; object-fit: scale-down; display: block; margin: 0 auto;' alt='Imagem do Usu\u00e1rio'><\/td><td><strong>Nome:<\/strong> Anderson Nascimento dos Santos<br><strong>Clube:<\/strong> ZEFERINA<br><strong>Categoria:<\/strong> BM<br><strong>Dist\u00e2ncia:<\/strong> 18 metros<br><strong>Pontua\u00e7\u00e3o:<\/strong> 513 pontos<br><strong>Data do Recorde:<\/strong> 26-04-2026<br><strong>Modalidade:<\/strong> Barebow<\/td><\/tr><tr><td style='text-align: center;'><img src='https:\/\/sistema.fbaf.org.br\/fotos\/1135\/Ant\u00f4nio1135.png?v=1777640394' class='imagem-usuario' style='width: 300px; height: 300px; object-fit: scale-down; display: block; margin: 0 auto;' alt='Imagem do Usu\u00e1rio'><\/td><td><strong>Nome:<\/strong> Ant\u00f4nio Greg\u00f3rio Benfica Marinho<br><strong>Clube:<\/strong> ALEM<br><strong>Categoria:<\/strong> B50M<br><strong>Dist\u00e2ncia:<\/strong> 18 metros<br><strong>Pontua\u00e7\u00e3o:<\/strong> 442 pontos<br><strong>Data do Recorde:<\/strong> 26-04-2026<br><strong>Modalidade:<\/strong> Barebow<\/td><\/tr><tr><td style='text-align: center;'><img src='https:\/\/sistema.fbaf.org.br\/fotos\/1135\/Ant\u00f4nio1135.png?v=1777640394' class='imagem-usuario' style='width: 300px; height: 300px; object-fit: scale-down; display: block; margin: 0 auto;' alt='Imagem do Usu\u00e1rio'><\/td><td><strong>Nome:<\/strong> Ant\u00f4nio Greg\u00f3rio Benfica Marinho<br><strong>Clube:<\/strong> ALEM<br><strong>Categoria:<\/strong> B65M<br><strong>Dist\u00e2ncia:<\/strong> 18 metros<br><strong>Pontua\u00e7\u00e3o:<\/strong> 442 pontos<br><strong>Data do Recorde:<\/strong> 26-04-2026<br><strong>Modalidade:<\/strong> Barebow<\/td><\/tr><tr><td style='text-align: center;'><img src='https:\/\/sistema.fbaf.org.br\/fotos\/1152\/Guilherme1152.jpg?v=1777640394' class='imagem-usuario' style='width: 300px; height: 300px; object-fit: scale-down; display: block; margin: 0 auto;' alt='Imagem do Usu\u00e1rio'><\/td><td><strong>Nome:<\/strong> Guilherme Souza dos Santos<br><strong>Clube:<\/strong> DIANA<br><strong>Categoria:<\/strong> CS18M<br><strong>Dist\u00e2ncia:<\/strong> 18 metros<br><strong>Pontua\u00e7\u00e3o:<\/strong> 373 pontos<br><strong>Data do Recorde:<\/strong> 26-04-2026<br><strong>Modalidade:<\/strong> Composto<\/td><\/tr><tr><td style='text-align: center;'><img src='https:\/\/sistema.fbaf.org.br\/fotos\/371256\/Lorena371256.jpg?v=1777640394' class='imagem-usuario' style='width: 300px; height: 300px; object-fit: scale-down; display: block; margin: 0 auto;' alt='Imagem do Usu\u00e1rio'><\/td><td><strong>Nome:<\/strong> Lorena Lima Carvalho<br><strong>Clube:<\/strong> DIANA<br><strong>Categoria:<\/strong> CF<br><strong>Dist\u00e2ncia:<\/strong> 18 metros<br><strong>Pontua\u00e7\u00e3o:<\/strong> 497 pontos<br><strong>Data do Recorde:<\/strong> 26-04-2026<br><strong>Modalidade:<\/strong> Composto<\/td><\/tr><tr><td style='text-align: center;'><img src='https:\/\/sistema.fbaf.org.br\/fotos\/1102\/Renata1102.jpg?v=1777640394' class='imagem-usuario' style='width: 300px; height: 300px; object-fit: scale-down; display: block; margin: 0 auto;' alt='Imagem do Usu\u00e1rio'><\/td><td><strong>Nome:<\/strong> Renata Rafaela da Cruz Barros<br><strong>Clube:<\/strong> ASAS<br><strong>Categoria:<\/strong> BF<br><strong>Dist\u00e2ncia:<\/strong> 18 metros<br><strong>Pontua\u00e7\u00e3o:<\/strong> 446 pontos<br><strong>Data do Recorde:<\/strong> 26-04-2026<br><strong>Modalidade:<\/strong> Barebow<\/td><\/tr><tr><td style='text-align: center;'><img src='https:\/\/sistema.fbaf.org.br\/fotos\/371150\/Donatas371150.jpg?v=1777640394' class='imagem-usuario' style='width: 300px; height: 300px; object-fit: scale-down; display: block; margin: 0 auto;' alt='Imagem do Usu\u00e1rio'><\/td><td><strong>Nome:<\/strong> Donatas Conceicao Ramos<br><strong>Clube:<\/strong> ALEM<br><strong>Categoria:<\/strong> W1M<br><strong>Dist\u00e2ncia:<\/strong> 18 metros<br><strong>Pontua\u00e7\u00e3o:<\/strong> 232 pontos<br><strong>Data do Recorde:<\/strong> 25-04-2026<br><strong>Modalidade:<\/strong> Barebow<\/td><\/tr><tr><td style='text-align: center;'><img src='https:\/\/sistema.fbaf.org.br\/fotos\/1105\/Jo\u00e3o1105.jpg?v=1777640394' class='imagem-usuario' style='width: 300px; height: 300px; object-fit: scale-down; display: block; margin: 0 auto;' alt='Imagem do Usu\u00e1rio'><\/td><td><strong>Nome:<\/strong> Jo\u00e3o Ricardo Marques Melo<br><strong>Clube:<\/strong> DIANA<br><strong>Categoria:<\/strong> CM<br><strong>Dist\u00e2ncia:<\/strong> 18 metros<br><strong>Pontua\u00e7\u00e3o:<\/strong> 533 pontos<br><strong>Data do Recorde:<\/strong> 15-03-2026<br><strong>Modalidade:<\/strong> Composto<\/td><\/tr><tr><td style='text-align: center;'><img src='https:\/\/sistema.fbaf.org.br\/fotos\/371213\/Claudia371213.jpg?v=1777640394' class='imagem-usuario' style='width: 300px; height: 300px; object-fit: scale-down; display: block; margin: 0 auto;' alt='Imagem do Usu\u00e1rio'><\/td><td><strong>Nome:<\/strong> Claudia Oliveira dos Santos <br><strong>Clube:<\/strong> ALEM<br><strong>Categoria:<\/strong> RFO<br><strong>Dist\u00e2ncia:<\/strong> 18 metros<br><strong>Pontua\u00e7\u00e3o:<\/strong> 55 pontos<br><strong>Data do Recorde:<\/strong> 14-03-2026<br><strong>Modalidade:<\/strong> Recurvo<\/td><\/tr><tr><td style='text-align: center;'><img src='https:\/\/sistema.fbaf.org.br\/fotos\/371184\/Jeferson371184.jpg?v=1777640394' class='imagem-usuario' style='width: 300px; height: 300px; object-fit: scale-down; display: block; margin: 0 auto;' alt='Imagem do Usu\u00e1rio'><\/td><td><strong>Nome:<\/strong> Jeferson Cunha Santos <br><strong>Clube:<\/strong> ALEM<br><strong>Categoria:<\/strong> BMO<br><strong>Dist\u00e2ncia:<\/strong> 18 metros<br><strong>Pontua\u00e7\u00e3o:<\/strong> 367 pontos<br><strong>Data do Recorde:<\/strong> 14-03-2026<br><strong>Modalidade:<\/strong> Barebow<\/td><\/tr><tr><td style='text-align: center;'><img src='https:\/\/sistema.fbaf.org.br\/fotos\/371141\/Carolina371141.png?v=1777640394' class='imagem-usuario' style='width: 300px; height: 300px; object-fit: scale-down; display: block; margin: 0 auto;' alt='Imagem do Usu\u00e1rio'><\/td><td><strong>Nome:<\/strong> Carolina de Oliveira Souza Pereira <br><strong>Clube:<\/strong> DIANA<br><strong>Categoria:<\/strong> BS21F<br><strong>Dist\u00e2ncia:<\/strong> 18 metros<br><strong>Pontua\u00e7\u00e3o:<\/strong> 328 pontos<br><strong>Data do Recorde:<\/strong> 01-03-2026<br><strong>Modalidade:<\/strong> Barebow<\/td><\/tr><tr><td style='text-align: center;'><img src='https:\/\/sistema.fbaf.org.br\/fotos\/1187\/Emanoel1187.jpeg?v=1777640394' class='imagem-usuario' style='width: 300px; height: 300px; object-fit: scale-down; display: block; margin: 0 auto;' alt='Imagem do Usu\u00e1rio'><\/td><td><strong>Nome:<\/strong> Emanoel Silva Andrade de Assis<br><strong>Clube:<\/strong> ZEFERINA<br><strong>Categoria:<\/strong> BS18M<br><strong>Dist\u00e2ncia:<\/strong> 18 metros<br><strong>Pontua\u00e7\u00e3o:<\/strong> 397 pontos<br><strong>Data do Recorde:<\/strong> 01-03-2026<br><strong>Modalidade:<\/strong> Barebow<\/td><\/tr><tr><td style='text-align: center;'><img src='https:\/\/sistema.fbaf.org.br\/fotos\/1187\/Emanoel1187.jpeg?v=1777640394' class='imagem-usuario' style='width: 300px; height: 300px; object-fit: scale-down; display: block; margin: 0 auto;' alt='Imagem do Usu\u00e1rio'><\/td><td><strong>Nome:<\/strong> Emanoel Silva Andrade de Assis<br><strong>Clube:<\/strong> ZEFERINA<br><strong>Categoria:<\/strong> BS15M<br><strong>Dist\u00e2ncia:<\/strong> 18 metros<br><strong>Pontua\u00e7\u00e3o:<\/strong> 397 pontos<br><strong>Data do Recorde:<\/strong> 01-03-2026<br><strong>Modalidade:<\/strong> Barebow<\/td><\/tr><tr><td style='text-align: center;'><img src='https:\/\/sistema.fbaf.org.br\/fotos\/1187\/Emanoel1187.jpeg?v=1777640394' class='imagem-usuario' style='width: 300px; height: 300px; object-fit: scale-down; display: block; margin: 0 auto;' alt='Imagem do Usu\u00e1rio'><\/td><td><strong>Nome:<\/strong> Emanoel Silva Andrade de Assis<br><strong>Clube:<\/strong> ZEFERINA<br><strong>Categoria:<\/strong> BS21M<br><strong>Dist\u00e2ncia:<\/strong> 18 metros<br><strong>Pontua\u00e7\u00e3o:<\/strong> 397 pontos<br><strong>Data do Recorde:<\/strong> 01-03-2026<br><strong>Modalidade:<\/strong> Barebow<\/td><\/tr><tr><td style='text-align: center;'><img src='https:\/\/sistema.fbaf.org.br\/fotos\/1173\/Gabriele1173.jpg?v=1777640394' class='imagem-usuario' style='width: 300px; height: 300px; object-fit: scale-down; display: block; margin: 0 auto;' alt='Imagem do Usu\u00e1rio'><\/td><td><strong>Nome:<\/strong> Gabriele Jesus da Concei\u00e7\u00e3o<br><strong>Clube:<\/strong> DIANA<br><strong>Categoria:<\/strong> RS18F<br><strong>Dist\u00e2ncia:<\/strong> 18 metros<br><strong>Pontua\u00e7\u00e3o:<\/strong> 410 pontos<br><strong>Data do Recorde:<\/strong> 01-03-2026<br><strong>Modalidade:<\/strong> Recurvo<\/td><\/tr><tr><td style='text-align: center;'><img src='https:\/\/sistema.fbaf.org.br\/fotos\/1119\/Glauco1119.jpg?v=1777640394' class='imagem-usuario' style='width: 300px; height: 300px; object-fit: scale-down; display: block; margin: 0 auto;' alt='Imagem do Usu\u00e1rio'><\/td><td><strong>Nome:<\/strong> Glauco T\u00e1vora Themotheo<br><strong>Clube:<\/strong> DIANA<br><strong>Categoria:<\/strong> R65M<br><strong>Dist\u00e2ncia:<\/strong> 18 metros<br><strong>Pontua\u00e7\u00e3o:<\/strong> 491 pontos<br><strong>Data do Recorde:<\/strong> 01-03-2026<br><strong>Modalidade:<\/strong> Recurvo<\/td><\/tr><tr><td style='text-align: center;'><img src='https:\/\/sistema.fbaf.org.br\/fotos\/1119\/Glauco1119.jpg?v=1777640394' class='imagem-usuario' style='width: 300px; height: 300px; object-fit: scale-down; display: block; margin: 0 auto;' alt='Imagem do Usu\u00e1rio'><\/td><td><strong>Nome:<\/strong> Glauco T\u00e1vora Themotheo<br><strong>Clube:<\/strong> DIANA<br><strong>Categoria:<\/strong> R50M<br><strong>Dist\u00e2ncia:<\/strong> 18 metros<br><strong>Pontua\u00e7\u00e3o:<\/strong> 491 pontos<br><strong>Data do Recorde:<\/strong> 01-03-2026<br><strong>Modalidade:<\/strong> Recurvo<\/td><\/tr><tr><td style='text-align: center;'><img src='https:\/\/sistema.fbaf.org.br\/fotos\/371153\/Valdoneu371153.jpg?v=1777640394' class='imagem-usuario' style='width: 300px; height: 300px; object-fit: scale-down; display: block; margin: 0 auto;' alt='Imagem do Usu\u00e1rio'><\/td><td><strong>Nome:<\/strong> Valdoneu Vieira Vale<br><strong>Clube:<\/strong> ALEM<br><strong>Categoria:<\/strong> CPO<br><strong>Dist\u00e2ncia:<\/strong> 18 metros<br><strong>Pontua\u00e7\u00e3o:<\/strong> 500 pontos<br><strong>Data do Recorde:<\/strong> 01-03-2026<br><strong>Modalidade:<\/strong> Composto<\/td><\/tr><tr><td style='text-align: center;'><img src='https:\/\/sistema.fbaf.org.br\/fotos\/1179\/Pedro1179.jpg?v=1777640394' class='imagem-usuario' style='width: 300px; height: 300px; object-fit: scale-down; display: block; margin: 0 auto;' alt='Imagem do Usu\u00e1rio'><\/td><td><strong>Nome:<\/strong> Pedro Filipe Muniz da Silva<br><strong>Clube:<\/strong> DIANA<br><strong>Categoria:<\/strong> RM<br><strong>Dist\u00e2ncia:<\/strong> 18 metros<br><strong>Pontua\u00e7\u00e3o:<\/strong> 543 pontos<br><strong>Data do Recorde:<\/strong> 28-02-2026<br><strong>Modalidade:<\/strong> Recurvo<\/td><\/tr><tr><td style='text-align: center;'><img src='https:\/\/sistema.fbaf.org.br\/fotos\/1301\/Anderson1301.jpg?v=1777640394' class='imagem-usuario' style='width: 300px; height: 300px; object-fit: scale-down; display: block; margin: 0 auto;' alt='Imagem do Usu\u00e1rio'><\/td><td><strong>Nome:<\/strong> Anderson Malaquias da  Concei\u00e7\u00e3o<br><strong>Clube:<\/strong> AFPS <br><strong>Categoria:<\/strong> RMO<br><strong>Dist\u00e2ncia:<\/strong> 18 metros<br><strong>Pontua\u00e7\u00e3o:<\/strong> 501 pontos<br><strong>Data do Recorde:<\/strong> 26-10-2025<br><strong>Modalidade:<\/strong> Recurvo<\/td><\/tr><tr><td style='text-align: center;'><img src='https:\/\/sistema.fbaf.org.br\/fotos\/1181\/Luan1181.jpg?v=1777640394' class='imagem-usuario' style='width: 300px; height: 300px; object-fit: scale-down; display: block; margin: 0 auto;' alt='Imagem do Usu\u00e1rio'><\/td><td><strong>Nome:<\/strong> Luan Silva Andrade de Assis<br><strong>Clube:<\/strong> ZEFERINA<br><strong>Categoria:<\/strong> RS18M<br><strong>Dist\u00e2ncia:<\/strong> 18 metros<br><strong>Pontua\u00e7\u00e3o:<\/strong> 508 pontos<br><strong>Data do Recorde:<\/strong> 11-09-2025<br><strong>Modalidade:<\/strong> Recurvo<\/td><\/tr><tr><td style='text-align: center;'><img src='https:\/\/sistema.fbaf.org.br\/fotos\/1181\/Luan1181.jpg?v=1777640394' class='imagem-usuario' style='width: 300px; height: 300px; object-fit: scale-down; display: block; margin: 0 auto;' alt='Imagem do Usu\u00e1rio'><\/td><td><strong>Nome:<\/strong> Luan Silva Andrade de Assis<br><strong>Clube:<\/strong> ZEFERINA<br><strong>Categoria:<\/strong> RS21M<br><strong>Dist\u00e2ncia:<\/strong> 18 metros<br><strong>Pontua\u00e7\u00e3o:<\/strong> 508 pontos<br><strong>Data do Recorde:<\/strong> 11-09-2025<br><strong>Modalidade:<\/strong> Recurvo<\/td><\/tr><tr><td style='text-align: center;'><img src='https:\/\/sistema.fbaf.org.br\/fotos\/1127\/Morena1127.jpg?v=1777640394' class='imagem-usuario' style='width: 300px; height: 300px; object-fit: scale-down; display: block; margin: 0 auto;' alt='Imagem do Usu\u00e1rio'><\/td><td><strong>Nome:<\/strong> Morena Senna Saito<br><strong>Clube:<\/strong> ASAS<br><strong>Categoria:<\/strong> RF<br><strong>Dist\u00e2ncia:<\/strong> 18 metros<br><strong>Pontua\u00e7\u00e3o:<\/strong> 524 pontos<br><strong>Data do Recorde:<\/strong> 09-03-2025<br><strong>Modalidade:<\/strong> Recurvo<\/td><\/tr><tr><td style='text-align: center;'><img src='https:\/\/sistema.fbaf.org.br\/fotos\/1181\/Luan1181.jpg?v=1777640394' class='imagem-usuario' style='width: 300px; height: 300px; object-fit: scale-down; display: block; margin: 0 auto;' alt='Imagem do Usu\u00e1rio'><\/td><td><strong>Nome:<\/strong> Luan Silva Andrade de Assis<br><strong>Clube:<\/strong> ZEFERINA<br><strong>Categoria:<\/strong> RS15M<br><strong>Dist\u00e2ncia:<\/strong> 18 metros<br><strong>Pontua\u00e7\u00e3o:<\/strong> 499 pontos<br><strong>Data do Recorde:<\/strong> 20-10-2024<br><strong>Modalidade:<\/strong> Recurvo<\/td><\/tr><tr><td style='text-align: center;'><img src='https:\/\/sistema.fbaf.org.br\/fotos\/1173\/Gabriele1173.jpg?v=1777640394' class='imagem-usuario' style='width: 300px; height: 300px; object-fit: scale-down; display: block; margin: 0 auto;' alt='Imagem do Usu\u00e1rio'><\/td><td><strong>Nome:<\/strong> Gabriele Jesus da Concei\u00e7\u00e3o<br><strong>Clube:<\/strong> DIANA<br><strong>Categoria:<\/strong> RS15F<br><strong>Dist\u00e2ncia:<\/strong> 18 metros<br><strong>Pontua\u00e7\u00e3o:<\/strong> 350 pontos<br><strong>Data do Recorde:<\/strong> 18-05-2024<br><strong>Modalidade:<\/strong> Recurvo<\/td><\/tr><tr><td style='text-align: center;'><img src='https:\/\/sistema.fbaf.org.br\/fotos\/1188\/Ricardo1188.jpg?v=1777640394' class='imagem-usuario' style='width: 300px; height: 300px; object-fit: scale-down; display: block; margin: 0 auto;' alt='Imagem do Usu\u00e1rio'><\/td><td><strong>Nome:<\/strong> Ricardo Manoel Jacinto<br><strong>Clube:<\/strong> DIANA<br><strong>Categoria:<\/strong> C65M<br><strong>Dist\u00e2ncia:<\/strong> 18 metros<br><strong>Pontua\u00e7\u00e3o:<\/strong> 520 pontos<br><strong>Data do Recorde:<\/strong> 02-09-2023<br><strong>Modalidade:<\/strong> Composto<\/td><\/tr><tr><td style='text-align: center;'><img src='https:\/\/sistema.fbaf.org.br\/fotos\/1188\/Ricardo1188.jpg?v=1777640394' class='imagem-usuario' style='width: 300px; height: 300px; object-fit: scale-down; display: block; margin: 0 auto;' alt='Imagem do Usu\u00e1rio'><\/td><td><strong>Nome:<\/strong> Ricardo Manoel Jacinto<br><strong>Clube:<\/strong> DIANA<br><strong>Categoria:<\/strong> C50M<br><strong>Dist\u00e2ncia:<\/strong> 18 metros<br><strong>Pontua\u00e7\u00e3o:<\/strong> 520 pontos<br><strong>Data do Recorde:<\/strong> 02-09-2023<br><strong>Modalidade:<\/strong> Composto<\/td><\/tr><tr><td style='text-align: center;'><img src='https:\/\/sistema.fbaf.org.br\/fotos\/1126\/Cailane1126.jpg?v=1777640394' class='imagem-usuario' style='width: 300px; height: 300px; object-fit: scale-down; display: block; margin: 0 auto;' alt='Imagem do Usu\u00e1rio'><\/td><td><strong>Nome:<\/strong> Cailane da Silva dos Santos<br><strong>Clube:<\/strong> DIANA<br><strong>Categoria:<\/strong> RS21F<br><strong>Dist\u00e2ncia:<\/strong> 18 metros<br><strong>Pontua\u00e7\u00e3o:<\/strong> 427 pontos<br><strong>Data do Recorde:<\/strong> 13-03-2022<br><strong>Modalidade:<\/strong> Recurvo<\/td><\/tr><\/tbody><\/table><\/div><\/div>\n\t\t\t\t\t\t<\/div>\n\t\t\t\t<\/div>\n\t\t\t\t<\/div>\n\t\t\t\t<\/div>\n\t\t<div id=\"e-n-tab-content-1957729252\" role=\"tabpanel\" aria-labelledby=\"e-n-tab-title-1957729252\" data-tab-index=\"2\" style=\"--n-tabs-title-order: 2;\" class=\" elementor-element elementor-element-9844f17 e-con-full e-flex e-con e-child\" data-id=\"9844f17\" data-element_type=\"container\">\n\t\t<div class=\"elementor-element elementor-element-2d1096c e-con-full e-flex e-con e-child\" data-id=\"2d1096c\" data-element_type=\"container\">\n\t\t\t\t<div class=\"elementor-element elementor-element-5d44ad7 elementor-widget elementor-widget-heading\" data-id=\"5d44ad7\" data-element_type=\"widget\" data-widget_type=\"heading.default\">\n\t\t\t\t<div class=\"elementor-widget-container\">\n\t\t\t\t\t<h2 class=\"elementor-heading-title elementor-size-default\">Outdoor<\/h2>\t\t\t\t<\/div>\n\t\t\t\t<\/div>\n\t\t\t\t<div class=\"elementor-element elementor-element-a0178b3 elementor-widget elementor-widget-shortcode\" data-id=\"a0178b3\" data-element_type=\"widget\" data-widget_type=\"shortcode.default\">\n\t\t\t\t<div class=\"elementor-widget-container\">\n\t\t\t\t\t\t\t<div class=\"elementor-shortcode\"><div class='lista-usuarios'><table><thead><tr><th>Atleta<\/th><th>Detalhes<\/th><\/tr><\/thead><tbody><tr><td style='text-align: center;'><img src='https:\/\/sistema.fbaf.org.br\/fotos\/371150\/Donatas371150.jpg?v=1777640394' class='imagem-usuario' style='width: 300px; height: 300px; object-fit: scale-down; display: block; margin: 0 auto;' alt='Imagem do Usu\u00e1rio'><\/td><td><strong>Nome:<\/strong> Donatas Conceicao Ramos<br><strong>Clube:<\/strong> ALEM<br><strong>Categoria:<\/strong> W1M<br><strong>Dist\u00e2ncia:<\/strong> 50 metros<br><strong>Pontua\u00e7\u00e3o:<\/strong> 82 pontos<br><strong>Data do Recorde:<\/strong> 18-01-2026<br><strong>Modalidade:<\/strong> Barebow<\/td><\/tr><tr><td style='text-align: center;'><img src='https:\/\/sistema.fbaf.org.br\/fotos\/371243\/Leonardo371243.jpeg?v=1777640394' class='imagem-usuario' style='width: 300px; height: 300px; object-fit: scale-down; display: block; margin: 0 auto;' alt='Imagem do Usu\u00e1rio'><\/td><td><strong>Nome:<\/strong> Leonardo Silva de Almeida<br><strong>Clube:<\/strong> ASAS<br><strong>Categoria:<\/strong> RI<br><strong>Dist\u00e2ncia:<\/strong> 30 metros<br><strong>Pontua\u00e7\u00e3o:<\/strong> 650 pontos<br><strong>Data do Recorde:<\/strong> 18-01-2026<br><strong>Modalidade:<\/strong> Iniciante<\/td><\/tr><tr><td style='text-align: center;'><img src='https:\/\/sistema.fbaf.org.br\/fotos\/371176\/Lucas371176.jpeg?v=1777640394' class='imagem-usuario' style='width: 300px; height: 300px; object-fit: scale-down; display: block; margin: 0 auto;' alt='Imagem do Usu\u00e1rio'><\/td><td><strong>Nome:<\/strong> Lucas Monteiro de Oliveira<br><strong>Clube:<\/strong> ASAS<br><strong>Categoria:<\/strong> CI<br><strong>Dist\u00e2ncia:<\/strong> 30 metros<br><strong>Pontua\u00e7\u00e3o:<\/strong> 676 pontos<br><strong>Data do Recorde:<\/strong> 18-01-2026<br><strong>Modalidade:<\/strong> Iniciante<\/td><\/tr><tr><td style='text-align: center;'><img src='https:\/\/sistema.fbaf.org.br\/fotos\/371153\/Valdoneu371153.jpg?v=1777640394' class='imagem-usuario' style='width: 300px; height: 300px; object-fit: scale-down; display: block; margin: 0 auto;' alt='Imagem do Usu\u00e1rio'><\/td><td><strong>Nome:<\/strong> Valdoneu Vieira Vale<br><strong>Clube:<\/strong> ALEM<br><strong>Categoria:<\/strong> CPO<br><strong>Dist\u00e2ncia:<\/strong> 70 metros<br><strong>Pontua\u00e7\u00e3o:<\/strong> 458 pontos<br><strong>Data do Recorde:<\/strong> 18-01-2026<br><strong>Modalidade:<\/strong> Composto<\/td><\/tr><tr><td style='text-align: center;'><img src='https:\/\/sistema.fbaf.org.br\/fotos\/1179\/Pedro1179.jpg?v=1777640394' class='imagem-usuario' style='width: 300px; height: 300px; object-fit: scale-down; display: block; margin: 0 auto;' alt='Imagem do Usu\u00e1rio'><\/td><td><strong>Nome:<\/strong> Pedro Filipe Muniz da Silva<br><strong>Clube:<\/strong> DIANA<br><strong>Categoria:<\/strong> RM<br><strong>Dist\u00e2ncia:<\/strong> 70 metros<br><strong>Pontua\u00e7\u00e3o:<\/strong> 558 pontos<br><strong>Data do Recorde:<\/strong> 17-01-2026<br><strong>Modalidade:<\/strong> Recurvo<\/td><\/tr><tr><td style='text-align: center;'><img src='https:\/\/sistema.fbaf.org.br\/fotos\/1193\/F\u00e1bio1193.jpeg?v=1777640394' class='imagem-usuario' style='width: 300px; height: 300px; object-fit: scale-down; display: block; margin: 0 auto;' alt='Imagem do Usu\u00e1rio'><\/td><td><strong>Nome:<\/strong> F\u00e1bio Ferreira de Ara\u00fajo<br><strong>Clube:<\/strong> DIANA<br><strong>Categoria:<\/strong> RMO<br><strong>Dist\u00e2ncia:<\/strong> 70 metros<br><strong>Pontua\u00e7\u00e3o:<\/strong> 448 pontos<br><strong>Data do Recorde:<\/strong> 24-09-2025<br><strong>Modalidade:<\/strong> Recurvo<\/td><\/tr><tr><td style='text-align: center;'><img src='https:\/\/sistema.fbaf.org.br\/fotos\/1101\/Paulo1101.jpg?v=1777640394' class='imagem-usuario' style='width: 300px; height: 300px; object-fit: scale-down; display: block; margin: 0 auto;' alt='Imagem do Usu\u00e1rio'><\/td><td><strong>Nome:<\/strong> Paulo Henrique Magaldi Merlino<br><strong>Clube:<\/strong> BCS<br><strong>Categoria:<\/strong> BM<br><strong>Dist\u00e2ncia:<\/strong> 50 metros<br><strong>Pontua\u00e7\u00e3o:<\/strong> 586 pontos<br><strong>Data do Recorde:<\/strong> 24-09-2025<br><strong>Modalidade:<\/strong> Barebow<\/td><\/tr><tr><td style='text-align: center;'><img src='https:\/\/sistema.fbaf.org.br\/fotos\/371141\/Carolina371141.png?v=1777640394' class='imagem-usuario' style='width: 300px; height: 300px; object-fit: scale-down; display: block; margin: 0 auto;' alt='Imagem do Usu\u00e1rio'><\/td><td><strong>Nome:<\/strong> Carolina de Oliveira Souza Pereira <br><strong>Clube:<\/strong> DIANA<br><strong>Categoria:<\/strong> BS21F<br><strong>Dist\u00e2ncia:<\/strong> 50 metros<br><strong>Pontua\u00e7\u00e3o:<\/strong> 343 pontos<br><strong>Data do Recorde:<\/strong> 14-09-2025<br><strong>Modalidade:<\/strong> Barebow<\/td><\/tr><tr><td style='text-align: center;'><img src='https:\/\/sistema.fbaf.org.br\/fotos\/1187\/Emanoel1187.jpeg?v=1777640394' class='imagem-usuario' style='width: 300px; height: 300px; object-fit: scale-down; display: block; margin: 0 auto;' alt='Imagem do Usu\u00e1rio'><\/td><td><strong>Nome:<\/strong> Emanoel Silva Andrade de Assis<br><strong>Clube:<\/strong> ZEFERINA<br><strong>Categoria:<\/strong> BS15M<br><strong>Dist\u00e2ncia:<\/strong> 30 metros<br><strong>Pontua\u00e7\u00e3o:<\/strong> 575 pontos<br><strong>Data do Recorde:<\/strong> 14-09-2025<br><strong>Modalidade:<\/strong> Barebow<\/td><\/tr><tr><td style='text-align: center;'><img src='https:\/\/sistema.fbaf.org.br\/fotos\/1105\/Jo\u00e3o1105.jpg?v=1777640394' class='imagem-usuario' style='width: 300px; height: 300px; object-fit: scale-down; display: block; margin: 0 auto;' alt='Imagem do Usu\u00e1rio'><\/td><td><strong>Nome:<\/strong> Jo\u00e3o Ricardo Marques Melo<br><strong>Clube:<\/strong> DIANA<br><strong>Categoria:<\/strong> CM<br><strong>Dist\u00e2ncia:<\/strong> 50 metros<br><strong>Pontua\u00e7\u00e3o:<\/strong> 590 pontos<br><strong>Data do Recorde:<\/strong> 31-08-2025<br><strong>Modalidade:<\/strong> Composto<\/td><\/tr><tr><td style='text-align: center;'><img src='https:\/\/sistema.fbaf.org.br\/fotos\/1181\/Luan1181.jpg?v=1777640394' class='imagem-usuario' style='width: 300px; height: 300px; object-fit: scale-down; display: block; margin: 0 auto;' alt='Imagem do Usu\u00e1rio'><\/td><td><strong>Nome:<\/strong> Luan Silva Andrade de Assis<br><strong>Clube:<\/strong> ZEFERINA<br><strong>Categoria:<\/strong> RS18M<br><strong>Dist\u00e2ncia:<\/strong> 60 metros<br><strong>Pontua\u00e7\u00e3o:<\/strong> 550 pontos<br><strong>Data do Recorde:<\/strong> 31-08-2025<br><strong>Modalidade:<\/strong> Recurvo<\/td><\/tr><tr><td style='text-align: center;'><img src='https:\/\/sistema.fbaf.org.br\/fotos\/371186\/Luis371186.jpg?v=1777640394' class='imagem-usuario' style='width: 300px; height: 300px; object-fit: scale-down; display: block; margin: 0 auto;' alt='Imagem do Usu\u00e1rio'><\/td><td><strong>Nome:<\/strong> Luis Antonio Lacerda Barros Cruz <br><strong>Clube:<\/strong> ALEM<br><strong>Categoria:<\/strong> RPI<br><strong>Dist\u00e2ncia:<\/strong> 30 metros<br><strong>Pontua\u00e7\u00e3o:<\/strong> 606 pontos<br><strong>Data do Recorde:<\/strong> 31-08-2025<br><strong>Modalidade:<\/strong> Iniciante<\/td><\/tr><tr><td style='text-align: center;'><img src='https:\/\/sistema.fbaf.org.br\/fotos\/371153\/Valdoneu371153.jpg?v=1777640394' class='imagem-usuario' style='width: 300px; height: 300px; object-fit: scale-down; display: block; margin: 0 auto;' alt='Imagem do Usu\u00e1rio'><\/td><td><strong>Nome:<\/strong> Valdoneu Vieira Vale<br><strong>Clube:<\/strong> ALEM<br><strong>Categoria:<\/strong> CPI<br><strong>Dist\u00e2ncia:<\/strong> 30 metros<br><strong>Pontua\u00e7\u00e3o:<\/strong> 605 pontos<br><strong>Data do Recorde:<\/strong> 31-08-2025<br><strong>Modalidade:<\/strong> Iniciante<\/td><\/tr><tr><td style='text-align: center;'><img src='https:\/\/sistema.fbaf.org.br\/fotos\/371192\/Ang\u00e9lica371192.jpg?v=1777640394' class='imagem-usuario' style='width: 300px; height: 300px; object-fit: scale-down; display: block; margin: 0 auto;' alt='Imagem do Usu\u00e1rio'><\/td><td><strong>Nome:<\/strong> Ang\u00e9lica Santana dos Santos Moura<br><strong>Clube:<\/strong> RANGERS<br><strong>Categoria:<\/strong> CF<br><strong>Dist\u00e2ncia:<\/strong> 50 metros<br><strong>Pontua\u00e7\u00e3o:<\/strong> 132 pontos<br><strong>Data do Recorde:<\/strong> 19-07-2025<br><strong>Modalidade:<\/strong> Composto<\/td><\/tr><tr><td style='text-align: center;'><img src='https:\/\/sistema.fbaf.org.br\/fotos\/371150\/Donatas371150.jpg?v=1777640394' class='imagem-usuario' style='width: 300px; height: 300px; object-fit: scale-down; display: block; margin: 0 auto;' alt='Imagem do Usu\u00e1rio'><\/td><td><strong>Nome:<\/strong> Donatas Conceicao Ramos<br><strong>Clube:<\/strong> ALEM<br><strong>Categoria:<\/strong> BPI<br><strong>Dist\u00e2ncia:<\/strong> 30 metros<br><strong>Pontua\u00e7\u00e3o:<\/strong> 377 pontos<br><strong>Data do Recorde:<\/strong> 19-07-2025<br><strong>Modalidade:<\/strong> Iniciante<\/td><\/tr><tr><td style='text-align: center;'><img src='https:\/\/sistema.fbaf.org.br\/fotos\/371141\/Carolina371141.png?v=1777640394' class='imagem-usuario' style='width: 300px; height: 300px; object-fit: scale-down; display: block; margin: 0 auto;' alt='Imagem do Usu\u00e1rio'><\/td><td><strong>Nome:<\/strong> Carolina de Oliveira Souza Pereira <br><strong>Clube:<\/strong> DIANA<br><strong>Categoria:<\/strong> RS21F<br><strong>Dist\u00e2ncia:<\/strong> 70 metros<br><strong>Pontua\u00e7\u00e3o:<\/strong> 98 pontos<br><strong>Data do Recorde:<\/strong> 18-05-2025<br><strong>Modalidade:<\/strong> Recurvo<\/td><\/tr><tr><td style='text-align: center;'><img src='https:\/\/sistema.fbaf.org.br\/fotos\/1119\/Glauco1119.jpg?v=1777640394' class='imagem-usuario' style='width: 300px; height: 300px; object-fit: scale-down; display: block; margin: 0 auto;' alt='Imagem do Usu\u00e1rio'><\/td><td><strong>Nome:<\/strong> Glauco T\u00e1vora Themotheo<br><strong>Clube:<\/strong> DIANA<br><strong>Categoria:<\/strong> R65M<br><strong>Dist\u00e2ncia:<\/strong> 50 metros<br><strong>Pontua\u00e7\u00e3o:<\/strong> 535 pontos<br><strong>Data do Recorde:<\/strong> 16-02-2025<br><strong>Modalidade:<\/strong> Recurvo<\/td><\/tr><tr><td style='text-align: center;'><img src='https:\/\/sistema.fbaf.org.br\/fotos\/1127\/Morena1127.jpg?v=1777640394' class='imagem-usuario' style='width: 300px; height: 300px; object-fit: scale-down; display: block; margin: 0 auto;' alt='Imagem do Usu\u00e1rio'><\/td><td><strong>Nome:<\/strong> Morena Senna Saito<br><strong>Clube:<\/strong> ASAS<br><strong>Categoria:<\/strong> RF<br><strong>Dist\u00e2ncia:<\/strong> 70 metros<br><strong>Pontua\u00e7\u00e3o:<\/strong> 583 pontos<br><strong>Data do Recorde:<\/strong> 16-02-2025<br><strong>Modalidade:<\/strong> Recurvo<\/td><\/tr><tr><td style='text-align: center;'><img src='https:\/\/sistema.fbaf.org.br\/fotos\/1188\/Ricardo1188.jpg?v=1777640394' class='imagem-usuario' style='width: 300px; height: 300px; object-fit: scale-down; display: block; margin: 0 auto;' alt='Imagem do Usu\u00e1rio'><\/td><td><strong>Nome:<\/strong> Ricardo Manoel Jacinto<br><strong>Clube:<\/strong> DIANA<br><strong>Categoria:<\/strong> C65M<br><strong>Dist\u00e2ncia:<\/strong> 50 metros<br><strong>Pontua\u00e7\u00e3o:<\/strong> 581 pontos<br><strong>Data do Recorde:<\/strong> 16-02-2025<br><strong>Modalidade:<\/strong> Composto<\/td><\/tr><tr><td style='text-align: center;'><img src='https:\/\/sistema.fbaf.org.br\/fotos\/1188\/Ricardo1188.jpg?v=1777640394' class='imagem-usuario' style='width: 300px; height: 300px; object-fit: scale-down; display: block; margin: 0 auto;' alt='Imagem do Usu\u00e1rio'><\/td><td><strong>Nome:<\/strong> Ricardo Manoel Jacinto<br><strong>Clube:<\/strong> DIANA<br><strong>Categoria:<\/strong> C50M<br><strong>Dist\u00e2ncia:<\/strong> 50 metros<br><strong>Pontua\u00e7\u00e3o:<\/strong> 581 pontos<br><strong>Data do Recorde:<\/strong> 16-02-2025<br><strong>Modalidade:<\/strong> Composto<\/td><\/tr><tr><td style='text-align: center;'><img src='https:\/\/sistema.fbaf.org.br\/fotos\/1203\/J\u00f4natas1203.jpeg?v=1777640394' class='imagem-usuario' style='width: 300px; height: 300px; object-fit: scale-down; display: block; margin: 0 auto;' alt='Imagem do Usu\u00e1rio'><\/td><td><strong>Nome:<\/strong> J\u00f4natas Silva Farias Neves<br><strong>Clube:<\/strong> ZEFERINA<br><strong>Categoria:<\/strong> BS18M<br><strong>Dist\u00e2ncia:<\/strong> 50 metros<br><strong>Pontua\u00e7\u00e3o:<\/strong> 317 pontos<br><strong>Data do Recorde:<\/strong> 08-09-2024<br><strong>Modalidade:<\/strong> Barebow<\/td><\/tr><tr><td style='text-align: center;'><img src='https:\/\/sistema.fbaf.org.br\/fotos\/1135\/Ant\u00f4nio1135.png?v=1777640394' class='imagem-usuario' style='width: 300px; height: 300px; object-fit: scale-down; display: block; margin: 0 auto;' alt='Imagem do Usu\u00e1rio'><\/td><td><strong>Nome:<\/strong> Ant\u00f4nio Greg\u00f3rio Benfica Marinho<br><strong>Clube:<\/strong> ALEM<br><strong>Categoria:<\/strong> B65M<br><strong>Dist\u00e2ncia:<\/strong> 40 metros<br><strong>Pontua\u00e7\u00e3o:<\/strong> 550 pontos<br><strong>Data do Recorde:<\/strong> 03-08-2024<br><strong>Modalidade:<\/strong> Barebow<\/td><\/tr><tr><td style='text-align: center;'><img src='https:\/\/sistema.fbaf.org.br\/fotos\/1174\/Carlos1174.jpg?v=1777640394' class='imagem-usuario' style='width: 300px; height: 300px; object-fit: scale-down; display: block; margin: 0 auto;' alt='Imagem do Usu\u00e1rio'><\/td><td><strong>Nome:<\/strong> Carlos Roberto Santos Ferreira <br><strong>Clube:<\/strong> ALEM<br><strong>Categoria:<\/strong> B50M<br><strong>Dist\u00e2ncia:<\/strong> 50 metros<br><strong>Pontua\u00e7\u00e3o:<\/strong> 465 pontos<br><strong>Data do Recorde:<\/strong> 03-08-2024<br><strong>Modalidade:<\/strong> Barebow<\/td><\/tr><tr><td style='text-align: center;'><img src='https:\/\/sistema.fbaf.org.br\/fotos\/1173\/Gabriele1173.jpg?v=1777640394' class='imagem-usuario' style='width: 300px; height: 300px; object-fit: scale-down; display: block; margin: 0 auto;' alt='Imagem do Usu\u00e1rio'><\/td><td><strong>Nome:<\/strong> Gabriele Jesus da Concei\u00e7\u00e3o<br><strong>Clube:<\/strong> DIANA<br><strong>Categoria:<\/strong> RS15F<br><strong>Dist\u00e2ncia:<\/strong> 40 metros<br><strong>Pontua\u00e7\u00e3o:<\/strong> 596 pontos<br><strong>Data do Recorde:<\/strong> 03-08-2024<br><strong>Modalidade:<\/strong> Recurvo<\/td><\/tr><tr><td style='text-align: center;'><img src='https:\/\/sistema.fbaf.org.br\/fotos\/1181\/Luan1181.jpg?v=1777640394' class='imagem-usuario' style='width: 300px; height: 300px; object-fit: scale-down; display: block; margin: 0 auto;' alt='Imagem do Usu\u00e1rio'><\/td><td><strong>Nome:<\/strong> Luan Silva Andrade de Assis<br><strong>Clube:<\/strong> ZEFERINA<br><strong>Categoria:<\/strong> RS15M<br><strong>Dist\u00e2ncia:<\/strong> 40 metros<br><strong>Pontua\u00e7\u00e3o:<\/strong> 523 pontos<br><strong>Data do Recorde:<\/strong> 03-08-2024<br><strong>Modalidade:<\/strong> Recurvo<\/td><\/tr><tr><td style='text-align: center;'><img src='https:\/\/sistema.fbaf.org.br\/fotos\/1102\/Renata1102.jpg?v=1777640394' class='imagem-usuario' style='width: 300px; height: 300px; object-fit: scale-down; display: block; margin: 0 auto;' alt='Imagem do Usu\u00e1rio'><\/td><td><strong>Nome:<\/strong> Renata Rafaela da Cruz Barros<br><strong>Clube:<\/strong> ASAS<br><strong>Categoria:<\/strong> BF<br><strong>Dist\u00e2ncia:<\/strong> 50 metros<br><strong>Pontua\u00e7\u00e3o:<\/strong> 531 pontos<br><strong>Data do Recorde:<\/strong> 28-04-2024<br><strong>Modalidade:<\/strong> Barebow<\/td><\/tr><tr><td style='text-align: center;'><img src='https:\/\/sistema.fbaf.org.br\/fotos\/1192\/Paulo1192.jpg?v=1777640394' class='imagem-usuario' style='width: 300px; height: 300px; object-fit: scale-down; display: block; margin: 0 auto;' alt='Imagem do Usu\u00e1rio'><\/td><td><strong>Nome:<\/strong> Paulo Alc\u00e2ntara da Costa Penna<br><strong>Clube:<\/strong> DIANA<br><strong>Categoria:<\/strong> BI<br><strong>Dist\u00e2ncia:<\/strong> 30 metros<br><strong>Pontua\u00e7\u00e3o:<\/strong> 584 pontos<br><strong>Data do Recorde:<\/strong> 25-11-2023<br><strong>Modalidade:<\/strong> Iniciante<\/td><\/tr><tr><td style='text-align: center;'><img src='https:\/\/sistema.fbaf.org.br\/fotos\/1179\/Pedro1179.jpg?v=1777640394' class='imagem-usuario' style='width: 300px; height: 300px; object-fit: scale-down; display: block; margin: 0 auto;' alt='Imagem do Usu\u00e1rio'><\/td><td><strong>Nome:<\/strong> Pedro Filipe Muniz da Silva<br><strong>Clube:<\/strong> DIANA<br><strong>Categoria:<\/strong> RS21M<br><strong>Dist\u00e2ncia:<\/strong> 70 metros<br><strong>Pontua\u00e7\u00e3o:<\/strong> 525 pontos<br><strong>Data do Recorde:<\/strong> 25-11-2023<br><strong>Modalidade:<\/strong> Recurvo<\/td><\/tr><\/tbody><\/table><\/div><\/div>\n\t\t\t\t\t\t<\/div>\n\t\t\t\t<\/div>\n\t\t\t\t<div class=\"elementor-element elementor-element-7f46e6c elementor-widget elementor-widget-heading\" data-id=\"7f46e6c\" data-element_type=\"widget\" data-widget_type=\"heading.default\">\n\t\t\t\t<div class=\"elementor-widget-container\">\n\t\t\t\t\t<h2 class=\"elementor-heading-title elementor-size-default\">Outdoor Duplo<\/h2>\t\t\t\t<\/div>\n\t\t\t\t<\/div>\n\t\t\t\t<div class=\"elementor-element elementor-element-0ec8ad3 elementor-widget elementor-widget-shortcode\" data-id=\"0ec8ad3\" data-element_type=\"widget\" data-widget_type=\"shortcode.default\">\n\t\t\t\t<div class=\"elementor-widget-container\">\n\t\t\t\t\t\t\t<div class=\"elementor-shortcode\"><div class='lista-usuarios'><table><thead><tr><th>Atleta<\/th><th>Detalhes<\/th><\/tr><\/thead><tbody><tr><td style='text-align: center;'><img src='https:\/\/sistema.fbaf.org.br\/fotos\/371192\/Ang\u00e9lica371192.jpg?v=1777640394' class='imagem-usuario' style='width: 300px; height: 300px; object-fit: scale-down; display: block; margin: 0 auto;' alt='Imagem do Usu\u00e1rio'><\/td><td><strong>Nome:<\/strong> Ang\u00e9lica Santana dos Santos Moura<br><strong>Clube:<\/strong> RANGERS<br><strong>Categoria:<\/strong> CF<br><strong>Dist\u00e2ncia:<\/strong> 50 metros<br><strong>Pontua\u00e7\u00e3o:<\/strong> 73 pontos<br><strong>Data do Recorde:<\/strong> 31-08-2025<br><strong>Modalidade:<\/strong> Composto<\/td><\/tr><tr><td style='text-align: center;'><img src='https:\/\/sistema.fbaf.org.br\/fotos\/371141\/Carolina371141.png?v=1777640394' class='imagem-usuario' style='width: 300px; height: 300px; object-fit: scale-down; display: block; margin: 0 auto;' alt='Imagem do Usu\u00e1rio'><\/td><td><strong>Nome:<\/strong> Carolina de Oliveira Souza Pereira <br><strong>Clube:<\/strong> DIANA<br><strong>Categoria:<\/strong> BS21F<br><strong>Dist\u00e2ncia:<\/strong> 50 metros<br><strong>Pontua\u00e7\u00e3o:<\/strong> 273 pontos<br><strong>Data do Recorde:<\/strong> 31-08-2025<br><strong>Modalidade:<\/strong> Barebow<\/td><\/tr><tr><td style='text-align: center;'><img src='https:\/\/sistema.fbaf.org.br\/fotos\/371150\/Donatas371150.jpg?v=1777640394' class='imagem-usuario' style='width: 300px; height: 300px; object-fit: scale-down; display: block; margin: 0 auto;' alt='Imagem do Usu\u00e1rio'><\/td><td><strong>Nome:<\/strong> Donatas Conceicao Ramos<br><strong>Clube:<\/strong> ALEM<br><strong>Categoria:<\/strong> BPI<br><strong>Dist\u00e2ncia:<\/strong> 30 metros<br><strong>Pontua\u00e7\u00e3o:<\/strong> 611 pontos<br><strong>Data do Recorde:<\/strong> 31-08-2025<br><strong>Modalidade:<\/strong> Barebow<\/td><\/tr><tr><td style='text-align: center;'><img src='https:\/\/sistema.fbaf.org.br\/fotos\/1193\/F\u00e1bio1193.jpeg?v=1777640394' class='imagem-usuario' style='width: 300px; height: 300px; object-fit: scale-down; display: block; margin: 0 auto;' alt='Imagem do Usu\u00e1rio'><\/td><td><strong>Nome:<\/strong> F\u00e1bio Ferreira de Ara\u00fajo<br><strong>Clube:<\/strong> DIANA<br><strong>Categoria:<\/strong> RMO<br><strong>Dist\u00e2ncia:<\/strong> 70 metros<br><strong>Pontua\u00e7\u00e3o:<\/strong> 699 pontos<br><strong>Data do Recorde:<\/strong> 31-08-2025<br><strong>Modalidade:<\/strong> Recurvo<\/td><\/tr><tr><td style='text-align: center;'><img src='https:\/\/sistema.fbaf.org.br\/fotos\/1152\/Guilherme1152.jpg?v=1777640394' class='imagem-usuario' style='width: 300px; height: 300px; object-fit: scale-down; display: block; margin: 0 auto;' alt='Imagem do Usu\u00e1rio'><\/td><td><strong>Nome:<\/strong> Guilherme Souza dos Santos<br><strong>Clube:<\/strong> DIANA<br><strong>Categoria:<\/strong> RS15M<br><strong>Dist\u00e2ncia:<\/strong> 40 metros<br><strong>Pontua\u00e7\u00e3o:<\/strong> 513 pontos<br><strong>Data do Recorde:<\/strong> 31-08-2025<br><strong>Modalidade:<\/strong> Recurvo<\/td><\/tr><tr><td style='text-align: center;'><img src='https:\/\/sistema.fbaf.org.br\/fotos\/1105\/Jo\u00e3o1105.jpg?v=1777640394' class='imagem-usuario' style='width: 300px; height: 300px; object-fit: scale-down; display: block; margin: 0 auto;' alt='Imagem do Usu\u00e1rio'><\/td><td><strong>Nome:<\/strong> Jo\u00e3o Ricardo Marques Melo<br><strong>Clube:<\/strong> DIANA<br><strong>Categoria:<\/strong> CM<br><strong>Dist\u00e2ncia:<\/strong> 50 metros<br><strong>Pontua\u00e7\u00e3o:<\/strong> 1142 pontos<br><strong>Data do Recorde:<\/strong> 31-08-2025<br><strong>Modalidade:<\/strong> Composto<\/td><\/tr><tr><td style='text-align: center;'><img src='https:\/\/sistema.fbaf.org.br\/fotos\/1181\/Luan1181.jpg?v=1777640394' class='imagem-usuario' style='width: 300px; height: 300px; object-fit: scale-down; display: block; margin: 0 auto;' alt='Imagem do Usu\u00e1rio'><\/td><td><strong>Nome:<\/strong> Luan Silva Andrade de Assis<br><strong>Clube:<\/strong> ZEFERINA<br><strong>Categoria:<\/strong> RS18M<br><strong>Dist\u00e2ncia:<\/strong> 60 metros<br><strong>Pontua\u00e7\u00e3o:<\/strong> 1056 pontos<br><strong>Data do Recorde:<\/strong> 31-08-2025<br><strong>Modalidade:<\/strong> Recurvo<\/td><\/tr><tr><td style='text-align: center;'><img src='https:\/\/sistema.fbaf.org.br\/fotos\/371186\/Luis371186.jpg?v=1777640394' class='imagem-usuario' style='width: 300px; height: 300px; object-fit: scale-down; display: block; margin: 0 auto;' alt='Imagem do Usu\u00e1rio'><\/td><td><strong>Nome:<\/strong> Luis Antonio Lacerda Barros Cruz <br><strong>Clube:<\/strong> ALEM<br><strong>Categoria:<\/strong> RPI<br><strong>Dist\u00e2ncia:<\/strong> 30 metros<br><strong>Pontua\u00e7\u00e3o:<\/strong> 1208 pontos<br><strong>Data do Recorde:<\/strong> 31-08-2025<br><strong>Modalidade:<\/strong> Iniciante<\/td><\/tr><tr><td style='text-align: center;'><img src='https:\/\/sistema.fbaf.org.br\/fotos\/1101\/Paulo1101.jpg?v=1777640394' class='imagem-usuario' style='width: 300px; height: 300px; object-fit: scale-down; display: block; margin: 0 auto;' alt='Imagem do Usu\u00e1rio'><\/td><td><strong>Nome:<\/strong> Paulo Henrique Magaldi Merlino<br><strong>Clube:<\/strong> BCS<br><strong>Categoria:<\/strong> BM<br><strong>Dist\u00e2ncia:<\/strong> 50 metros<br><strong>Pontua\u00e7\u00e3o:<\/strong> 1116 pontos<br><strong>Data do Recorde:<\/strong> 31-08-2025<br><strong>Modalidade:<\/strong> Barebow<\/td><\/tr><tr><td style='text-align: center;'><img src='https:\/\/sistema.fbaf.org.br\/fotos\/1102\/Renata1102.jpg?v=1777640394' class='imagem-usuario' style='width: 300px; height: 300px; object-fit: scale-down; display: block; margin: 0 auto;' alt='Imagem do Usu\u00e1rio'><\/td><td><strong>Nome:<\/strong> Renata Rafaela da Cruz Barros<br><strong>Clube:<\/strong> ASAS<br><strong>Categoria:<\/strong> BF<br><strong>Dist\u00e2ncia:<\/strong> 50 metros<br><strong>Pontua\u00e7\u00e3o:<\/strong> 908 pontos<br><strong>Data do Recorde:<\/strong> 31-08-2025<br><strong>Modalidade:<\/strong> Barebow<\/td><\/tr><tr><td style='text-align: center;'><img src='https:\/\/sistema.fbaf.org.br\/fotos\/371153\/Valdoneu371153.jpg?v=1777640394' class='imagem-usuario' style='width: 300px; height: 300px; object-fit: scale-down; display: block; margin: 0 auto;' alt='Imagem do Usu\u00e1rio'><\/td><td><strong>Nome:<\/strong> Valdoneu Vieira Vale<br><strong>Clube:<\/strong> ALEM<br><strong>Categoria:<\/strong> CPI<br><strong>Dist\u00e2ncia:<\/strong> 30 metros<br><strong>Pontua\u00e7\u00e3o:<\/strong> 1179 pontos<br><strong>Data do Recorde:<\/strong> 31-08-2025<br><strong>Modalidade:<\/strong> Composto<\/td><\/tr><tr><td style='text-align: center;'><img src='https:\/\/sistema.fbaf.org.br\/fotos\/1135\/Ant\u00f4nio1135.png?v=1777640394' class='imagem-usuario' style='width: 300px; height: 300px; object-fit: scale-down; display: block; margin: 0 auto;' alt='Imagem do Usu\u00e1rio'><\/td><td><strong>Nome:<\/strong> Ant\u00f4nio Greg\u00f3rio Benfica Marinho<br><strong>Clube:<\/strong> ALEM<br><strong>Categoria:<\/strong> B65M<br><strong>Dist\u00e2ncia:<\/strong> 40 metros<br><strong>Pontua\u00e7\u00e3o:<\/strong> 841 pontos<br><strong>Data do Recorde:<\/strong> 18-05-2025<br><strong>Modalidade:<\/strong> Barebow<\/td><\/tr><tr><td style='text-align: center;'><img src='https:\/\/sistema.fbaf.org.br\/fotos\/371141\/Carolina371141.png?v=1777640394' class='imagem-usuario' style='width: 300px; height: 300px; object-fit: scale-down; display: block; margin: 0 auto;' alt='Imagem do Usu\u00e1rio'><\/td><td><strong>Nome:<\/strong> Carolina de Oliveira Souza Pereira <br><strong>Clube:<\/strong> DIANA<br><strong>Categoria:<\/strong> RS21F<br><strong>Dist\u00e2ncia:<\/strong> 70 metros<br><strong>Pontua\u00e7\u00e3o:<\/strong> 98 pontos<br><strong>Data do Recorde:<\/strong> 18-05-2025<br><strong>Modalidade:<\/strong> Recurvo<\/td><\/tr><tr><td style='text-align: center;'><img src='https:\/\/sistema.fbaf.org.br\/fotos\/1173\/Gabriele1173.jpg?v=1777640394' class='imagem-usuario' style='width: 300px; height: 300px; object-fit: scale-down; display: block; margin: 0 auto;' alt='Imagem do Usu\u00e1rio'><\/td><td><strong>Nome:<\/strong> Gabriele Jesus da Concei\u00e7\u00e3o<br><strong>Clube:<\/strong> DIANA<br><strong>Categoria:<\/strong> RS15F<br><strong>Dist\u00e2ncia:<\/strong> 40 metros<br><strong>Pontua\u00e7\u00e3o:<\/strong> 566 pontos<br><strong>Data do Recorde:<\/strong> 18-05-2025<br><strong>Modalidade:<\/strong> Recurvo<\/td><\/tr><tr><td style='text-align: center;'><img src='https:\/\/sistema.fbaf.org.br\/fotos\/371181\/Gregory371181.jpg?v=1777640394' class='imagem-usuario' style='width: 300px; height: 300px; object-fit: scale-down; display: block; margin: 0 auto;' alt='Imagem do Usu\u00e1rio'><\/td><td><strong>Nome:<\/strong> Gregory Isaque Oliveira Santos <br><strong>Clube:<\/strong> ZEFERINA<br><strong>Categoria:<\/strong> BS15M<br><strong>Dist\u00e2ncia:<\/strong> 30 metros<br><strong>Pontua\u00e7\u00e3o:<\/strong> 1104 pontos<br><strong>Data do Recorde:<\/strong> 18-05-2025<br><strong>Modalidade:<\/strong> Barebow<\/td><\/tr><tr><td style='text-align: center;'><img src='https:\/\/sistema.fbaf.org.br\/fotos\/1135\/Ant\u00f4nio1135.png?v=1777640394' class='imagem-usuario' style='width: 300px; height: 300px; object-fit: scale-down; display: block; margin: 0 auto;' alt='Imagem do Usu\u00e1rio'><\/td><td><strong>Nome:<\/strong> Ant\u00f4nio Greg\u00f3rio Benfica Marinho<br><strong>Clube:<\/strong> ALEM<br><strong>Categoria:<\/strong> B50M<br><strong>Dist\u00e2ncia:<\/strong> 50 metros<br><strong>Pontua\u00e7\u00e3o:<\/strong> 872 pontos<br><strong>Data do Recorde:<\/strong> 27-01-2024<br><strong>Modalidade:<\/strong> Barebow<\/td><\/tr><tr><td style='text-align: center;'><img src='https:\/\/sistema.fbaf.org.br\/fotos\/1119\/Glauco1119.jpg?v=1777640394' class='imagem-usuario' style='width: 300px; height: 300px; object-fit: scale-down; display: block; margin: 0 auto;' alt='Imagem do Usu\u00e1rio'><\/td><td><strong>Nome:<\/strong> Glauco T\u00e1vora Themotheo<br><strong>Clube:<\/strong> DIANA<br><strong>Categoria:<\/strong> R65M<br><strong>Dist\u00e2ncia:<\/strong> 50 metros<br><strong>Pontua\u00e7\u00e3o:<\/strong> 1081 pontos<br><strong>Data do Recorde:<\/strong> 27-01-2024<br><strong>Modalidade:<\/strong> Recurvo<\/td><\/tr><tr><td style='text-align: center;'><img src='https:\/\/sistema.fbaf.org.br\/fotos\/1127\/Morena1127.jpg?v=1777640394' class='imagem-usuario' style='width: 300px; height: 300px; object-fit: scale-down; display: block; margin: 0 auto;' alt='Imagem do Usu\u00e1rio'><\/td><td><strong>Nome:<\/strong> Morena Senna Saito<br><strong>Clube:<\/strong> ASAS<br><strong>Categoria:<\/strong> RF<br><strong>Dist\u00e2ncia:<\/strong> 70 metros<br><strong>Pontua\u00e7\u00e3o:<\/strong> 1123 pontos<br><strong>Data do Recorde:<\/strong> 27-01-2024<br><strong>Modalidade:<\/strong> Recurvo<\/td><\/tr><tr><td style='text-align: center;'><img src='https:\/\/sistema.fbaf.org.br\/fotos\/1188\/Ricardo1188.jpg?v=1777640394' class='imagem-usuario' style='width: 300px; height: 300px; object-fit: scale-down; display: block; margin: 0 auto;' alt='Imagem do Usu\u00e1rio'><\/td><td><strong>Nome:<\/strong> Ricardo Manoel Jacinto<br><strong>Clube:<\/strong> DIANA<br><strong>Categoria:<\/strong> C65M<br><strong>Dist\u00e2ncia:<\/strong> 50 metros<br><strong>Pontua\u00e7\u00e3o:<\/strong> 960 pontos<br><strong>Data do Recorde:<\/strong> 27-01-2024<br><strong>Modalidade:<\/strong> Composto<\/td><\/tr><tr><td style='text-align: center;'><img src='https:\/\/sistema.fbaf.org.br\/fotos\/1188\/Ricardo1188.jpg?v=1777640394' class='imagem-usuario' style='width: 300px; height: 300px; object-fit: scale-down; display: block; margin: 0 auto;' alt='Imagem do Usu\u00e1rio'><\/td><td><strong>Nome:<\/strong> Ricardo Manoel Jacinto<br><strong>Clube:<\/strong> DIANA<br><strong>Categoria:<\/strong> C50M<br><strong>Dist\u00e2ncia:<\/strong> 50 metros<br><strong>Pontua\u00e7\u00e3o:<\/strong> 960 pontos<br><strong>Data do Recorde:<\/strong> 27-01-2024<br><strong>Modalidade:<\/strong> Composto<\/td><\/tr><tr><td style='text-align: center;'><img src='https:\/\/sistema.fbaf.org.br\/fotos\/1177\/Bianca1177.jpg?v=1777640394' class='imagem-usuario' style='width: 300px; height: 300px; object-fit: scale-down; display: block; margin: 0 auto;' alt='Imagem do Usu\u00e1rio'><\/td><td><strong>Nome:<\/strong> Bianca Seabra Dorea<br><strong>Clube:<\/strong> DIANA<br><strong>Categoria:<\/strong> RI<br><strong>Dist\u00e2ncia:<\/strong> 30 metros<br><strong>Pontua\u00e7\u00e3o:<\/strong> 1197 pontos<br><strong>Data do Recorde:<\/strong> 25-11-2023<br><strong>Modalidade:<\/strong> Iniciante<\/td><\/tr><tr><td style='text-align: center;'><img src='https:\/\/sistema.fbaf.org.br\/fotos\/1179\/Pedro1179.jpg?v=1777640394' class='imagem-usuario' style='width: 300px; height: 300px; object-fit: scale-down; display: block; margin: 0 auto;' alt='Imagem do Usu\u00e1rio'><\/td><td><strong>Nome:<\/strong> Pedro Filipe Muniz da Silva<br><strong>Clube:<\/strong> DIANA<br><strong>Categoria:<\/strong> RS21M<br><strong>Dist\u00e2ncia:<\/strong> 70 metros<br><strong>Pontua\u00e7\u00e3o:<\/strong> 1042 pontos<br><strong>Data do Recorde:<\/strong> 25-11-2023<br><strong>Modalidade:<\/strong> Recurvo<\/td><\/tr><tr><td style='text-align: center;'><img src='https:\/\/sistema.fbaf.org.br\/fotos\/1179\/Pedro1179.jpg?v=1777640394' class='imagem-usuario' style='width: 300px; height: 300px; object-fit: scale-down; display: block; margin: 0 auto;' alt='Imagem do Usu\u00e1rio'><\/td><td><strong>Nome:<\/strong> Pedro Filipe Muniz da Silva<br><strong>Clube:<\/strong> DIANA<br><strong>Categoria:<\/strong> RM<br><strong>Dist\u00e2ncia:<\/strong> 70 metros<br><strong>Pontua\u00e7\u00e3o:<\/strong> 1042 pontos<br><strong>Data do Recorde:<\/strong> 25-11-2023<br><strong>Modalidade:<\/strong> Recurvo<\/td><\/tr><tr><td style='text-align: center;'><img src='https:\/\/sistema.fbaf.org.br\/fotos\/1153\/Roberta1153.png?v=1777640394' class='imagem-usuario' style='width: 300px; height: 300px; object-fit: scale-down; display: block; margin: 0 auto;' alt='Imagem do Usu\u00e1rio'><\/td><td><strong>Nome:<\/strong> Roberta Pinheiro Saback Leite<br><strong>Clube:<\/strong> ZEFERINA<br><strong>Categoria:<\/strong> BI<br><strong>Dist\u00e2ncia:<\/strong> 30 metros<br><strong>Pontua\u00e7\u00e3o:<\/strong> 1047 pontos<br><strong>Data do Recorde:<\/strong> 25-11-2023<br><strong>Modalidade:<\/strong> Iniciante<\/td><\/tr><tr><td style='text-align: center;'><img src='https:\/\/sistema.fbaf.org.br\/fotos\/1188\/Ricardo1188.jpg?v=1777640394' class='imagem-usuario' style='width: 300px; height: 300px; object-fit: scale-down; display: block; margin: 0 auto;' alt='Imagem do Usu\u00e1rio'><\/td><td><strong>Nome:<\/strong> Ricardo Manoel Jacinto<br><strong>Clube:<\/strong> DIANA<br><strong>Categoria:<\/strong> CI<br><strong>Dist\u00e2ncia:<\/strong> 30 metros<br><strong>Pontua\u00e7\u00e3o:<\/strong> 1327 pontos<br><strong>Data do Recorde:<\/strong> 08-07-2023<br><strong>Modalidade:<\/strong> Iniciante<\/td><\/tr><\/tbody><\/table><\/div><\/div>\n\t\t\t\t\t\t<\/div>\n\t\t\t\t<\/div>\n\t\t\t\t<\/div>\n\t\t\t\t<\/div>\n\t\t<div id=\"e-n-tab-content-1957729253\" role=\"tabpanel\" aria-labelledby=\"e-n-tab-title-1957729253\" data-tab-index=\"3\" style=\"--n-tabs-title-order: 3;\" class=\" elementor-element elementor-element-3d56e99 e-con-full e-flex e-con e-child\" data-id=\"3d56e99\" data-element_type=\"container\">\n\t\t<div class=\"elementor-element elementor-element-4c471d9 e-con-full e-flex e-con e-child\" data-id=\"4c471d9\" data-element_type=\"container\">\n\t\t\t\t<div class=\"elementor-element elementor-element-6a3aed5 elementor-widget elementor-widget-heading\" data-id=\"6a3aed5\" data-element_type=\"widget\" data-widget_type=\"heading.default\">\n\t\t\t\t<div class=\"elementor-widget-container\">\n\t\t\t\t\t<h2 class=\"elementor-heading-title elementor-size-default\">Field<\/h2>\t\t\t\t<\/div>\n\t\t\t\t<\/div>\n\t\t\t\t<div class=\"elementor-element elementor-element-917fad3 elementor-widget elementor-widget-shortcode\" data-id=\"917fad3\" data-element_type=\"widget\" data-widget_type=\"shortcode.default\">\n\t\t\t\t<div class=\"elementor-widget-container\">\n\t\t\t\t\t\t\t<div class=\"elementor-shortcode\"><div class='lista-usuarios'><table><thead><tr><th>Atleta<\/th><th>Detalhes<\/th><\/tr><\/thead><tbody><tr><td colspan='2'>Nenhum recorde encontrado.<\/td><\/tr><\/tbody><\/table><\/div><\/div>\n\t\t\t\t\t\t<\/div>\n\t\t\t\t<\/div>\n\t\t\t\t<\/div>\n\t\t\t\t<\/div>\n\t\t\t\t\t<\/div>\n\t\t<\/div>\n\t\t\t\t\t\t<\/div>\n\t\t\t\t<\/div>\n\t\t\t\t\t<\/div>\n\t\t\t\t<\/div>\n\t\t<div class=\"elementor-element elementor-element-2d8c300 e-flex e-con-boxed e-con e-parent\" data-id=\"2d8c300\" data-element_type=\"container\">\n\t\t\t\t\t<div class=\"e-con-inner\">\n\t\t\t\t\t<\/div>\n\t\t\t\t<\/div>\n\t\t\t\t<\/div>\n\t\t","protected":false},"excerpt":{"rendered":"<p>Recordes Hist\u00f3ricos Recordes Baianos INDOOR OUTDOOR FIELD Indoor Atleta Detalhes Nome: Anderson Malaquias da Concei\u00e7\u00e3oClube: AFPS Categoria: RMSTDist\u00e2ncia: 18 metrosPontua\u00e7\u00e3o: 501 pontosData do Recorde: 26-10-2025Modalidade: Recurvo Nome: F\u00e1bio Ferreira de [&hellip;]<\/p>\n","protected":false},"author":1,"featured_media":0,"parent":0,"menu_order":0,"comment_status":"closed","ping_status":"closed","template":"","meta":{"ocean_post_layout":"","ocean_both_sidebars_style":"","ocean_both_sidebars_content_width":0,"ocean_both_sidebars_sidebars_width":0,"ocean_sidebar":"","ocean_second_sidebar":"","ocean_disable_margins":"enable","ocean_add_body_class":"","ocean_shortcode_before_top_bar":"","ocean_shortcode_after_top_bar":"","ocean_shortcode_before_header":"","ocean_shortcode_after_header":"","ocean_has_shortcode":"","ocean_shortcode_after_title":"","ocean_shortcode_before_footer_widgets":"","ocean_shortcode_after_footer_widgets":"","ocean_shortcode_before_footer_bottom":"","ocean_shortcode_after_footer_bottom":"","ocean_display_top_bar":"default","ocean_display_header":"default","ocean_header_style":"","ocean_center_header_left_menu":"","ocean_custom_header_template":"","ocean_custom_logo":0,"ocean_custom_retina_logo":0,"ocean_custom_logo_max_width":0,"ocean_custom_logo_tablet_max_width":0,"ocean_custom_logo_mobile_max_width":0,"ocean_custom_logo_max_height":0,"ocean_custom_logo_tablet_max_height":0,"ocean_custom_logo_mobile_max_height":0,"ocean_header_custom_menu":"","ocean_menu_typo_font_family":"","ocean_menu_typo_font_subset":"","ocean_menu_typo_font_size":0,"ocean_menu_typo_font_size_tablet":0,"ocean_menu_typo_font_size_mobile":0,"ocean_menu_typo_font_size_unit":"px","ocean_menu_typo_font_weight":"","ocean_menu_typo_font_weight_tablet":"","ocean_menu_typo_font_weight_mobile":"","ocean_menu_typo_transform":"","ocean_menu_typo_transform_tablet":"","ocean_menu_typo_transform_mobile":"","ocean_menu_typo_line_height":0,"ocean_menu_typo_line_height_tablet":0,"ocean_menu_typo_line_height_mobile":0,"ocean_menu_typo_line_height_unit":"","ocean_menu_typo_spacing":0,"ocean_menu_typo_spacing_tablet":0,"ocean_menu_typo_spacing_mobile":0,"ocean_menu_typo_spacing_unit":"","ocean_menu_link_color":"","ocean_menu_link_color_hover":"","ocean_menu_link_color_active":"","ocean_menu_link_background":"","ocean_menu_link_hover_background":"","ocean_menu_link_active_background":"","ocean_menu_social_links_bg":"","ocean_menu_social_hover_links_bg":"","ocean_menu_social_links_color":"","ocean_menu_social_hover_links_color":"","ocean_disable_title":"on","ocean_disable_heading":"default","ocean_post_title":"","ocean_post_subheading":"","ocean_post_title_style":"","ocean_post_title_background_color":"","ocean_post_title_background":0,"ocean_post_title_bg_image_position":"","ocean_post_title_bg_image_attachment":"","ocean_post_title_bg_image_repeat":"","ocean_post_title_bg_image_size":"","ocean_post_title_height":0,"ocean_post_title_bg_overlay":0.5,"ocean_post_title_bg_overlay_color":"","ocean_disable_breadcrumbs":"default","ocean_breadcrumbs_color":"","ocean_breadcrumbs_separator_color":"","ocean_breadcrumbs_links_color":"","ocean_breadcrumbs_links_hover_color":"","ocean_display_footer_widgets":"default","ocean_display_footer_bottom":"default","ocean_custom_footer_template":"","footnotes":""},"class_list":["post-217","page","type-page","status-publish","hentry","entry"],"_links":{"self":[{"href":"https:\/\/fbaf.org.br\/index.php\/wp-json\/wp\/v2\/pages\/217","targetHints":{"allow":["GET"]}}],"collection":[{"href":"https:\/\/fbaf.org.br\/index.php\/wp-json\/wp\/v2\/pages"}],"about":[{"href":"https:\/\/fbaf.org.br\/index.php\/wp-json\/wp\/v2\/types\/page"}],"author":[{"embeddable":true,"href":"https:\/\/fbaf.org.br\/index.php\/wp-json\/wp\/v2\/users\/1"}],"replies":[{"embeddable":true,"href":"https:\/\/fbaf.org.br\/index.php\/wp-json\/wp\/v2\/comments?post=217"}],"version-history":[{"count":119,"href":"https:\/\/fbaf.org.br\/index.php\/wp-json\/wp\/v2\/pages\/217\/revisions"}],"predecessor-version":[{"id":1698,"href":"https:\/\/fbaf.org.br\/index.php\/wp-json\/wp\/v2\/pages\/217\/revisions\/1698"}],"wp:attachment":[{"href":"https:\/\/fbaf.org.br\/index.php\/wp-json\/wp\/v2\/media?parent=217"}],"curies":[{"name":"wp","href":"https:\/\/api.w.org\/{rel}","templated":true}]}}